{"id":908,"date":"2022-03-26T13:52:21","date_gmt":"2022-03-26T12:52:21","guid":{"rendered":"http:\/\/naturellement-belle.ch\/?post_type=product&#038;p=908"},"modified":"2022-03-26T13:55:51","modified_gmt":"2022-03-26T12:55:51","slug":"sel-de-bain-tendresse","status":"publish","type":"product","link":"https:\/\/naturellement-belle.ch\/index.php\/produit\/sel-de-bain-tendresse\/","title":{"rendered":"Tendresse"},"content":{"rendered":"<div class=\"body field field-name-body field-type-text-with-summary field-label-above\">\n<div class=\"body field field-name-body field-type-text-with-summary field-label-above\">\n<table border=\"1\" cellspacing=\"1\" cellpadding=\"1\">\n<tbody>\n<tr>\n<td><strong>Volume :<\/strong><\/td>\n<td>250 g ou 1kg<\/td>\n<\/tr>\n<tr>\n<td><strong>Emballage :<\/strong><\/td>\n<td>250 g dans un bocal en verre recyclable \/\u00a01 kg dans un pot en PET recyclable<\/td>\n<\/tr>\n<tr>\n<td><strong>Temps de conservation :<\/strong><\/td>\n<td>6 mois apr\u00e8s la premi\u00e8re utilisation<\/td>\n<\/tr>\n<tr>\n<td><strong>Parfum :<\/strong><\/td>\n<td>Fabriqu\u00e9s \u00e0 Grasse. Musc &#8211; Poudre\u0301e &#8211; Florale<\/td>\n<\/tr>\n<\/tbody>\n<\/table>\n<table border=\"1\" cellspacing=\"1\" cellpadding=\"1\">\n<tbody>\n<tr>\n<td><strong>EN SAVOIR PLUS<\/strong><\/p>\n<p>Offrez vous un moment d&#8217;apaisement et relaxation.\u00a0Enveloppez-vous d\u2018une douce chaleur et profitez d\u2018une v\u00e9ritable \u00e9vasion olfactive.\u00a0Ce parfum offre une note subtile, tendre et fraiche il permet d\u2019offrir une senteur fleuri et poudr\u00e9e.<\/td>\n<\/tr>\n<\/tbody>\n<\/table>\n<p>&nbsp;<\/p>\n<\/div>\n<h3>Composition<\/h3>\n<div class=\"field-composition field field-name-field-composition field-type-text-long field-label-above\">\n<p>Sodium Chloride (Sea salt); Parfum\/ Fragrance, Calendula officinalis Flower.<\/p>\n<\/div>\n<\/div>\n","protected":false},"excerpt":{"rendered":"<p>Volume : 250 g ou 1kg Emballage : 250 g dans un bocal en verre recyclable \/\u00a01 kg dans un pot en PET recyclable Temps de conservation : 6 mois apr\u00e8s la premi\u00e8re utilisation Parfum : Fabriqu\u00e9s \u00e0 Grasse. Musc &#8211; Poudre\u0301e &#8211; Florale EN SAVOIR PLUS Offrez vous un moment d&#8217;apaisement et relaxation.\u00a0Enveloppez-vous d\u2018une &hellip; <a href=\"https:\/\/naturellement-belle.ch\/index.php\/produit\/sel-de-bain-tendresse\/\" class=\"more-link\">Continue reading<span class=\"screen-reader-text\"> &#8220;Tendresse&#8221;<\/span><\/a><\/p>\n","protected":false},"featured_media":911,"comment_status":"open","ping_status":"closed","template":"","meta":{"om_disable_all_campaigns":false,"_monsterinsights_skip_tracking":false,"_monsterinsights_sitenote_active":false,"_monsterinsights_sitenote_note":"","_monsterinsights_sitenote_category":0},"product_cat":[41],"product_tag":[],"_links":{"self":[{"href":"https:\/\/naturellement-belle.ch\/index.php\/wp-json\/wp\/v2\/product\/908"}],"collection":[{"href":"https:\/\/naturellement-belle.ch\/index.php\/wp-json\/wp\/v2\/product"}],"about":[{"href":"https:\/\/naturellement-belle.ch\/index.php\/wp-json\/wp\/v2\/types\/product"}],"replies":[{"embeddable":true,"href":"https:\/\/naturellement-belle.ch\/index.php\/wp-json\/wp\/v2\/comments?post=908"}],"wp:featuredmedia":[{"embeddable":true,"href":"https:\/\/naturellement-belle.ch\/index.php\/wp-json\/wp\/v2\/media\/911"}],"wp:attachment":[{"href":"https:\/\/naturellement-belle.ch\/index.php\/wp-json\/wp\/v2\/media?parent=908"}],"wp:term":[{"taxonomy":"product_cat","embeddable":true,"href":"https:\/\/naturellement-belle.ch\/index.php\/wp-json\/wp\/v2\/product_cat?post=908"},{"taxonomy":"product_tag","embeddable":true,"href":"https:\/\/naturellement-belle.ch\/index.php\/wp-json\/wp\/v2\/product_tag?post=908"}],"curies":[{"name":"wp","href":"https:\/\/api.w.org\/{rel}","templated":true}]}}