{"id":937,"date":"2022-03-26T14:27:20","date_gmt":"2022-03-26T13:27:20","guid":{"rendered":"http:\/\/naturellement-belle.ch\/?post_type=product&#038;p=937"},"modified":"2022-03-26T15:11:51","modified_gmt":"2022-03-26T14:11:51","slug":"chevrefeuille","status":"publish","type":"product","link":"https:\/\/naturellement-belle.ch\/index.php\/produit\/chevrefeuille\/","title":{"rendered":"Ch\u00e8vrefeuille"},"content":{"rendered":"<div class=\"body field field-name-body field-type-text-with-summary field-label-above\">\n<table border=\"1\" cellspacing=\"1\" cellpadding=\"1\">\n<tbody>\n<tr>\n<td>Poids<\/td>\n<td>Environ 90g &#8211; 3,17oz<\/td>\n<\/tr>\n<tr>\n<td>Emballage<\/td>\n<td>Papier recyclabe<\/td>\n<\/tr>\n<tr>\n<td>Temps de conservation<\/td>\n<td>18 mois apr\u00e8s la premi\u00e8re utilisation<\/td>\n<\/tr>\n<\/tbody>\n<\/table>\n<table border=\"1\" cellspacing=\"1\" cellpadding=\"1\">\n<tbody>\n<tr>\n<td>Ce savon convient aux \u00a0adultes et\u00a0enfants. Pour le visage et le corps.<\/p>\n<p>Ce savon est obtenu par saponification \u00e0 froid dans notre savonnerie: ce proc\u00e9d\u00e9 permet de r\u00e9aliser des savons surgras et naturellement riches en glyc\u00e9rine v\u00e9g\u00e9tale pour participer \u00e0 la bonne hydratation de la peau<\/p>\n<p>Les huiles ne sont pas chauff\u00e9es \u00e0 haute temp\u00e8rature ni d\u00e9natur\u00e9es.<\/p>\n<p>Parfum de qualit\u00e9 fabriqu\u00e9 \u00e0 Grasse en France.<\/p>\n<p>Compos\u00e9 d&#8217;huiles v\u00e9g\u00e9tales biologiques de qualit\u00e9 sup\u00e9rieure.<\/p>\n<p>Enrichi \u00e0 l&#8217;huile d&#8217;olive\u00a0bio et argile verte.<\/p>\n<p>Exfoliant doux gr\u00e2ce aux graines de pavot.<\/td>\n<\/tr>\n<\/tbody>\n<\/table>\n<table border=\"1\" cellspacing=\"1\" cellpadding=\"1\">\n<tbody>\n<tr>\n<td>La savonnerie \u00ab Un P\u2019tit tour et puis savon&#8221; vous prie de garder \u00e0 l&#8217;esprit que tous nos cosm\u00e9tiques \u00e9tant faits main et naturels, il est normal d\u2019observer des diff\u00e9rences d\u2019un produit \u00e0 l\u2019autre telles que de l\u00e9g\u00e8res variations de couleur, de contenance ou de clart\u00e9. Les couleurs et formes des savons peuvent notamment \u00eatre passablement diff\u00e9rentes selon le lot.<\/td>\n<\/tr>\n<\/tbody>\n<\/table>\n<\/div>\n<h3>Composition<\/h3>\n<div class=\"field-composition field field-name-field-composition field-type-text-long field-label-above\">\n<table border=\"1\" cellspacing=\"1\" cellpadding=\"1\">\n<tbody>\n<tr>\n<td>Sodium Olivate (Olive)*, Aqua, Sodium Cocoate (coco)*, Glycerin, Sodium Shea Butterate (Karit\u00e9)*, Sodium Sunflowerseedate (Tournesol)*, Sodium Castorate (Ricin)*, Sodium Cocoa Butterate (Cacao)*, Parfum, Montmorillonite (Argile),\u00a0Cera Alba (Cire d\u2019abeille), Papaver Somniferum Seed (Graines de Pavot)<\/p>\n<p>*Issu de l\u2019agriculture biologique<\/td>\n<\/tr>\n<\/tbody>\n<\/table>\n<\/div>\n","protected":false},"excerpt":{"rendered":"<p>Poids Environ 90g &#8211; 3,17oz Emballage Papier recyclabe Temps de conservation 18 mois apr\u00e8s la premi\u00e8re utilisation Ce savon convient aux \u00a0adultes et\u00a0enfants. Pour le visage et le corps. Ce savon est obtenu par saponification \u00e0 froid dans notre savonnerie: ce proc\u00e9d\u00e9 permet de r\u00e9aliser des savons surgras et naturellement riches en glyc\u00e9rine v\u00e9g\u00e9tale pour &hellip; <a href=\"https:\/\/naturellement-belle.ch\/index.php\/produit\/chevrefeuille\/\" class=\"more-link\">Continue reading<span class=\"screen-reader-text\"> &#8220;Ch\u00e8vrefeuille&#8221;<\/span><\/a><\/p>\n","protected":false},"featured_media":938,"comment_status":"open","ping_status":"closed","template":"","meta":{"om_disable_all_campaigns":false,"_monsterinsights_skip_tracking":false,"_monsterinsights_sitenote_active":false,"_monsterinsights_sitenote_note":"","_monsterinsights_sitenote_category":0},"product_cat":[42],"product_tag":[],"_links":{"self":[{"href":"https:\/\/naturellement-belle.ch\/index.php\/wp-json\/wp\/v2\/product\/937"}],"collection":[{"href":"https:\/\/naturellement-belle.ch\/index.php\/wp-json\/wp\/v2\/product"}],"about":[{"href":"https:\/\/naturellement-belle.ch\/index.php\/wp-json\/wp\/v2\/types\/product"}],"replies":[{"embeddable":true,"href":"https:\/\/naturellement-belle.ch\/index.php\/wp-json\/wp\/v2\/comments?post=937"}],"wp:featuredmedia":[{"embeddable":true,"href":"https:\/\/naturellement-belle.ch\/index.php\/wp-json\/wp\/v2\/media\/938"}],"wp:attachment":[{"href":"https:\/\/naturellement-belle.ch\/index.php\/wp-json\/wp\/v2\/media?parent=937"}],"wp:term":[{"taxonomy":"product_cat","embeddable":true,"href":"https:\/\/naturellement-belle.ch\/index.php\/wp-json\/wp\/v2\/product_cat?post=937"},{"taxonomy":"product_tag","embeddable":true,"href":"https:\/\/naturellement-belle.ch\/index.php\/wp-json\/wp\/v2\/product_tag?post=937"}],"curies":[{"name":"wp","href":"https:\/\/api.w.org\/{rel}","templated":true}]}}